{"id":929,"date":"2017-09-15T20:26:09","date_gmt":"2017-09-15T19:26:09","guid":{"rendered":"http:\/\/manawea.com\/?post_type=product&#038;p=929"},"modified":"2021-01-02T22:17:18","modified_gmt":"2021-01-02T21:17:18","slug":"macrame-mural-tete-de-lit","status":"publish","type":"product","link":"https:\/\/manawea.com\/index.php\/produit\/macrame-mural-tete-de-lit\/","title":{"rendered":"Macram\u00e9 mural t\u00eate de lit"},"content":{"rendered":"","protected":false},"excerpt":{"rendered":"<p>Tenture murale en macram\u00e9 r\u00e9alis\u00e9e avec de la corde 100% coton .<\/p>\n<p>Dimensions du macram\u00e9 70x50cm<br \/>\n(Les mesures peuvent varier l\u00e9g\u00e8rement d\u2019une cr\u00e9ation \u00e0 l\u2019autre et le bois flott\u00e9 sera diff\u00e9rent.)<br \/>\nCe macram\u00e9 est fait sur commande et n\u00e9cessite donc un d\u00e9lai d\u2019une semaine avant l\u2019exp\u00e9dition.<\/p>\n<p>N\u2019h\u00e9sitez pas \u00e0 me contacter pour toutes demandes d\u2019informations compl\u00e9mentaires ou si vous souhaitez une commande personnalis\u00e9e. Je serai ravie d\u2019adapter mes cr\u00e9ations \u00e0 vos envies et besoins (motif, mesure, couleur\u2026).<\/p>\n","protected":false},"featured_media":930,"template":"","meta":[],"product_cat":[15],"product_tag":[],"yoast_head":"<!-- This site is optimized with the Yoast SEO plugin v21.6 - https:\/\/yoast.com\/wordpress\/plugins\/seo\/ -->\n<title>Macram\u00e9 mural t\u00eate de lit &#8226; Manawea<\/title>\n<meta name=\"robots\" content=\"index, follow, max-snippet:-1, max-image-preview:large, max-video-preview:-1\" \/>\n<link rel=\"canonical\" href=\"https:\/\/manawea.com\/index.php\/produit\/macrame-mural-tete-de-lit\/\" \/>\n<meta property=\"og:locale\" content=\"fr_FR\" \/>\n<meta property=\"og:type\" content=\"article\" \/>\n<meta property=\"og:title\" content=\"Macram\u00e9 mural t\u00eate de lit &#8226; Manawea\" \/>\n<meta property=\"og:description\" content=\"Tenture murale en macram\u00e9 r\u00e9alis\u00e9e avec de la corde 100% coton .  Dimensions du macram\u00e9 70x50cm (Les mesures peuvent varier l\u00e9g\u00e8rement d\u2019une cr\u00e9ation \u00e0 l\u2019autre et le bois flott\u00e9 sera diff\u00e9rent.) Ce macram\u00e9 est fait sur commande et n\u00e9cessite donc un d\u00e9lai d\u2019une semaine avant l\u2019exp\u00e9dition.  N\u2019h\u00e9sitez pas \u00e0 me contacter pour toutes demandes d\u2019informations compl\u00e9mentaires ou si vous souhaitez une commande personnalis\u00e9e. Je serai ravie d\u2019adapter mes cr\u00e9ations \u00e0 vos envies et besoins (motif, mesure, couleur\u2026).\" \/>\n<meta property=\"og:url\" content=\"https:\/\/manawea.com\/index.php\/produit\/macrame-mural-tete-de-lit\/\" \/>\n<meta property=\"og:site_name\" content=\"Manawea\" \/>\n<meta property=\"article:publisher\" content=\"https:\/\/www.facebook.com\/manaweamacrame\/\" \/>\n<meta property=\"article:modified_time\" content=\"2021-01-02T21:17:18+00:00\" \/>\n<meta property=\"og:image\" content=\"https:\/\/manawea.com\/wp-content\/uploads\/2017\/09\/macram\u00e9-mural.jpg\" \/>\n\t<meta property=\"og:image:width\" content=\"3888\" \/>\n\t<meta property=\"og:image:height\" content=\"3887\" \/>\n\t<meta property=\"og:image:type\" content=\"image\/jpeg\" \/>\n<meta name=\"twitter:card\" content=\"summary_large_image\" \/>\n<script type=\"application\/ld+json\" class=\"yoast-schema-graph\">{\"@context\":\"https:\/\/schema.org\",\"@graph\":[{\"@type\":\"WebPage\",\"@id\":\"https:\/\/manawea.com\/index.php\/produit\/macrame-mural-tete-de-lit\/\",\"url\":\"https:\/\/manawea.com\/index.php\/produit\/macrame-mural-tete-de-lit\/\",\"name\":\"Macram\u00e9 mural t\u00eate de lit &#8226; Manawea\",\"isPartOf\":{\"@id\":\"https:\/\/manawea.com\/#website\"},\"datePublished\":\"2017-09-15T19:26:09+00:00\",\"dateModified\":\"2021-01-02T21:17:18+00:00\",\"breadcrumb\":{\"@id\":\"https:\/\/manawea.com\/index.php\/produit\/macrame-mural-tete-de-lit\/#breadcrumb\"},\"inLanguage\":\"fr-FR\",\"potentialAction\":[{\"@type\":\"ReadAction\",\"target\":[\"https:\/\/manawea.com\/index.php\/produit\/macrame-mural-tete-de-lit\/\"]}]},{\"@type\":\"BreadcrumbList\",\"@id\":\"https:\/\/manawea.com\/index.php\/produit\/macrame-mural-tete-de-lit\/#breadcrumb\",\"itemListElement\":[{\"@type\":\"ListItem\",\"position\":1,\"name\":\"Accueil\",\"item\":\"https:\/\/manawea.com\/\"},{\"@type\":\"ListItem\",\"position\":2,\"name\":\"Boutique\",\"item\":\"https:\/\/manawea.com\/index.php\/shop\/\"},{\"@type\":\"ListItem\",\"position\":3,\"name\":\"Macram\u00e9 mural t\u00eate de lit\"}]},{\"@type\":\"WebSite\",\"@id\":\"https:\/\/manawea.com\/#website\",\"url\":\"https:\/\/manawea.com\/\",\"name\":\"Manawea Macram\u00e9s po\u00e9tiques\",\"description\":\"D\u00e9coration en laiton et macram\u00e9\",\"publisher\":{\"@id\":\"https:\/\/manawea.com\/#organization\"},\"potentialAction\":[{\"@type\":\"SearchAction\",\"target\":{\"@type\":\"EntryPoint\",\"urlTemplate\":\"https:\/\/manawea.com\/?s={search_term_string}\"},\"query-input\":\"required name=search_term_string\"}],\"inLanguage\":\"fr-FR\"},{\"@type\":\"Organization\",\"@id\":\"https:\/\/manawea.com\/#organization\",\"name\":\"manawea\",\"url\":\"https:\/\/manawea.com\/\",\"logo\":{\"@type\":\"ImageObject\",\"inLanguage\":\"fr-FR\",\"@id\":\"https:\/\/manawea.com\/#\/schema\/logo\/image\/\",\"url\":\"https:\/\/manawea.com\/wp-content\/uploads\/2018\/04\/logo.jpg\",\"contentUrl\":\"https:\/\/manawea.com\/wp-content\/uploads\/2018\/04\/logo.jpg\",\"width\":2341,\"height\":2485,\"caption\":\"manawea\"},\"image\":{\"@id\":\"https:\/\/manawea.com\/#\/schema\/logo\/image\/\"},\"sameAs\":[\"https:\/\/www.facebook.com\/manaweamacrame\/\",\"https:\/\/www.instagram.com\/_manawea\/\"]}]}<\/script>\n<!-- \/ Yoast SEO plugin. -->","yoast_head_json":{"title":"Macram\u00e9 mural t\u00eate de lit &#8226; Manawea","robots":{"index":"index","follow":"follow","max-snippet":"max-snippet:-1","max-image-preview":"max-image-preview:large","max-video-preview":"max-video-preview:-1"},"canonical":"https:\/\/manawea.com\/index.php\/produit\/macrame-mural-tete-de-lit\/","og_locale":"fr_FR","og_type":"article","og_title":"Macram\u00e9 mural t\u00eate de lit &#8226; Manawea","og_description":"Tenture murale en macram\u00e9 r\u00e9alis\u00e9e avec de la corde 100% coton .  Dimensions du macram\u00e9 70x50cm (Les mesures peuvent varier l\u00e9g\u00e8rement d\u2019une cr\u00e9ation \u00e0 l\u2019autre et le bois flott\u00e9 sera diff\u00e9rent.) Ce macram\u00e9 est fait sur commande et n\u00e9cessite donc un d\u00e9lai d\u2019une semaine avant l\u2019exp\u00e9dition.  N\u2019h\u00e9sitez pas \u00e0 me contacter pour toutes demandes d\u2019informations compl\u00e9mentaires ou si vous souhaitez une commande personnalis\u00e9e. Je serai ravie d\u2019adapter mes cr\u00e9ations \u00e0 vos envies et besoins (motif, mesure, couleur\u2026).","og_url":"https:\/\/manawea.com\/index.php\/produit\/macrame-mural-tete-de-lit\/","og_site_name":"Manawea","article_publisher":"https:\/\/www.facebook.com\/manaweamacrame\/","article_modified_time":"2021-01-02T21:17:18+00:00","og_image":[{"width":3888,"height":3887,"url":"https:\/\/manawea.com\/wp-content\/uploads\/2017\/09\/macram\u00e9-mural.jpg","type":"image\/jpeg"}],"twitter_card":"summary_large_image","schema":{"@context":"https:\/\/schema.org","@graph":[{"@type":"WebPage","@id":"https:\/\/manawea.com\/index.php\/produit\/macrame-mural-tete-de-lit\/","url":"https:\/\/manawea.com\/index.php\/produit\/macrame-mural-tete-de-lit\/","name":"Macram\u00e9 mural t\u00eate de lit &#8226; Manawea","isPartOf":{"@id":"https:\/\/manawea.com\/#website"},"datePublished":"2017-09-15T19:26:09+00:00","dateModified":"2021-01-02T21:17:18+00:00","breadcrumb":{"@id":"https:\/\/manawea.com\/index.php\/produit\/macrame-mural-tete-de-lit\/#breadcrumb"},"inLanguage":"fr-FR","potentialAction":[{"@type":"ReadAction","target":["https:\/\/manawea.com\/index.php\/produit\/macrame-mural-tete-de-lit\/"]}]},{"@type":"BreadcrumbList","@id":"https:\/\/manawea.com\/index.php\/produit\/macrame-mural-tete-de-lit\/#breadcrumb","itemListElement":[{"@type":"ListItem","position":1,"name":"Accueil","item":"https:\/\/manawea.com\/"},{"@type":"ListItem","position":2,"name":"Boutique","item":"https:\/\/manawea.com\/index.php\/shop\/"},{"@type":"ListItem","position":3,"name":"Macram\u00e9 mural t\u00eate de lit"}]},{"@type":"WebSite","@id":"https:\/\/manawea.com\/#website","url":"https:\/\/manawea.com\/","name":"Manawea Macram\u00e9s po\u00e9tiques","description":"D\u00e9coration en laiton et macram\u00e9","publisher":{"@id":"https:\/\/manawea.com\/#organization"},"potentialAction":[{"@type":"SearchAction","target":{"@type":"EntryPoint","urlTemplate":"https:\/\/manawea.com\/?s={search_term_string}"},"query-input":"required name=search_term_string"}],"inLanguage":"fr-FR"},{"@type":"Organization","@id":"https:\/\/manawea.com\/#organization","name":"manawea","url":"https:\/\/manawea.com\/","logo":{"@type":"ImageObject","inLanguage":"fr-FR","@id":"https:\/\/manawea.com\/#\/schema\/logo\/image\/","url":"https:\/\/manawea.com\/wp-content\/uploads\/2018\/04\/logo.jpg","contentUrl":"https:\/\/manawea.com\/wp-content\/uploads\/2018\/04\/logo.jpg","width":2341,"height":2485,"caption":"manawea"},"image":{"@id":"https:\/\/manawea.com\/#\/schema\/logo\/image\/"},"sameAs":["https:\/\/www.facebook.com\/manaweamacrame\/","https:\/\/www.instagram.com\/_manawea\/"]}]}},"_links":{"self":[{"href":"https:\/\/manawea.com\/index.php\/wp-json\/wp\/v2\/product\/929"}],"collection":[{"href":"https:\/\/manawea.com\/index.php\/wp-json\/wp\/v2\/product"}],"about":[{"href":"https:\/\/manawea.com\/index.php\/wp-json\/wp\/v2\/types\/product"}],"wp:featuredmedia":[{"embeddable":true,"href":"https:\/\/manawea.com\/index.php\/wp-json\/wp\/v2\/media\/930"}],"wp:attachment":[{"href":"https:\/\/manawea.com\/index.php\/wp-json\/wp\/v2\/media?parent=929"}],"wp:term":[{"taxonomy":"product_cat","embeddable":true,"href":"https:\/\/manawea.com\/index.php\/wp-json\/wp\/v2\/product_cat?post=929"},{"taxonomy":"product_tag","embeddable":true,"href":"https:\/\/manawea.com\/index.php\/wp-json\/wp\/v2\/product_tag?post=929"}],"curies":[{"name":"wp","href":"https:\/\/api.w.org\/{rel}","templated":true}]}}